{"id":44136,"date":"2025-02-28T17:23:11","date_gmt":"2025-02-28T14:23:11","guid":{"rendered":"https:\/\/amaldis.md\/product\/vesta-de-compresie-pentru-barbati-jason\/"},"modified":"2025-02-28T17:23:11","modified_gmt":"2025-02-28T14:23:11","slug":"vesta-de-compresie-pentru-barbati-jason","status":"publish","type":"product","link":"https:\/\/amaldis.md\/ro\/produs\/vesta-de-compresie-pentru-barbati-jason\/","title":{"rendered":"Vesta de compresie pentru b\u0103rba\u021bi JASON"},"content":{"rendered":"<h4 class=\"product-intro__title\">Vesta de compresie pentru b\u0103rba\u021bi JASON<\/h4>\n<p>Descriere<br \/>\nTricoul este confectionat din lycra de cea mai buna calitate, care, pe langa faptul ca este durabil si rezistent la uzura, este si elastic. Datorit\u0103 acestei calit\u0103\u021bi, ofer\u0103 un efect de compresie asupra corpului utilizatorului. Pentru a asigura un confort maxim, toate cus\u0103turile sunt f\u0103cute plate, astfel \u00eenc\u00e2t s\u0103 nu apas\u0103 pe corp, s\u0103 nu frece pielea \u0219i, \u00een consecin\u021b\u0103, s\u0103 nu distrage aten\u021bia sportivului de la antrenament. Tricoul este, de asemenea, u\u0219or de p\u0103strat curat \u2013 poate fi sp\u0103lat fie manual, fie la ma\u0219in\u0103 \u0219i se usuc\u0103 extrem de rapid.   <\/p>\n<p>Fabricat din materiale premium, va rezista mult timp.<br \/>\nRelevant at\u00e2t pentru sportivii \u00eencep\u0103tori, c\u00e2t \u0219i pentru profesioni\u0219tii titulari.<br \/>\nPotrivit pentru diverse sporturi, fie c\u0103 este vorba de jogging de diminea\u021b\u0103 sau de culturism.<br \/>\nCombin\u0103 calitatea \u00eenalt\u0103 cu un pre\u021b accesibil.<\/p>\n<div class=\"specification__item\">Vederea lui Mikey<\/div>\n<div class=\"specification__item\">Gen Masculin<\/div>\n<div class=\"specification__item\">Grupa de varsta Adulti<\/div>\n<div class=\"specification__item\">Material Lycra<\/div>\n<div class=\"specification__item\">Tara de origine: China<\/div>\n","protected":false},"excerpt":{"rendered":"<h3 class=\"product-intro__title\">Vest\u0103 de compresie pentru b\u0103rba\u021bi JASON CO-701 M\u0103rimi: L,XL<\/h3>\n","protected":false},"featured_media":44135,"comment_status":"open","ping_status":"closed","template":"","meta":{"_et_pb_use_builder":"","_et_pb_old_content":"","_et_gb_content_width":""},"product_brand":[],"product_cat":[671,673,674],"product_tag":[883,1229,896],"class_list":{"0":"post-44136","1":"product","2":"type-product","3":"status-publish","4":"has-post-thumbnail","6":"product_cat-imbracaminte","7":"product_cat-imbracaminte-sport","8":"product_cat-tricouri","9":"product_tag-comprimare-ro","10":"product_tag-mama","11":"product_tag-panza","13":"first","14":"instock","15":"shipping-taxable","16":"purchasable","17":"product-type-simple"},"aioseo_notices":[],"_links":{"self":[{"href":"https:\/\/amaldis.md\/ro\/wp-json\/wp\/v2\/product\/44136","targetHints":{"allow":["GET"]}}],"collection":[{"href":"https:\/\/amaldis.md\/ro\/wp-json\/wp\/v2\/product"}],"about":[{"href":"https:\/\/amaldis.md\/ro\/wp-json\/wp\/v2\/types\/product"}],"replies":[{"embeddable":true,"href":"https:\/\/amaldis.md\/ro\/wp-json\/wp\/v2\/comments?post=44136"}],"wp:featuredmedia":[{"embeddable":true,"href":"https:\/\/amaldis.md\/ro\/wp-json\/wp\/v2\/media\/44135"}],"wp:attachment":[{"href":"https:\/\/amaldis.md\/ro\/wp-json\/wp\/v2\/media?parent=44136"}],"wp:term":[{"taxonomy":"product_brand","embeddable":true,"href":"https:\/\/amaldis.md\/ro\/wp-json\/wp\/v2\/product_brand?post=44136"},{"taxonomy":"product_cat","embeddable":true,"href":"https:\/\/amaldis.md\/ro\/wp-json\/wp\/v2\/product_cat?post=44136"},{"taxonomy":"product_tag","embeddable":true,"href":"https:\/\/amaldis.md\/ro\/wp-json\/wp\/v2\/product_tag?post=44136"}],"curies":[{"name":"wp","href":"https:\/\/api.w.org\/{rel}","templated":true}]}}